{"id":15725,"date":"2025-08-19T08:25:08","date_gmt":"2025-08-19T08:25:08","guid":{"rendered":"https:\/\/riche.se\/fenix\/?post_type=events&#038;p=15725"},"modified":"2025-08-19T08:46:57","modified_gmt":"2025-08-19T08:46:57","slug":"death-vanilla-soderblomster","status":"publish","type":"events","link":"https:\/\/riche.se\/fenix\/kalendarium\/death-vanilla-soderblomster\/","title":{"rendered":"Death &amp; Vanilla &#8211;\u00a0S\u00f6derblomster"},"content":{"rendered":"<p><a href=\"https:\/\/www.instagram.com\/deathandvanilla\/\" target=\"_blank\" rel=\"noopener\"><span style=\"text-decoration: underline\"><strong>Death and Vanilla<\/strong><\/span><\/a> kommer till <a href=\"https:\/\/www.instagram.com\/soderblomster\/\" target=\"_blank\" rel=\"noopener\"><span style=\"text-decoration: underline\"><strong>S\u00f6derblomster<\/strong><\/span><\/a> den 23e augusti.<\/p>\n<p>\u201cBaroque pop genom ett dreampop-filter\u201d \u2013 s\u00e5 beskrev The Guardian Malm\u00f6bandet som i \u00f6ver ett decennium skapat musik som sv\u00e4var mellan det nostalgiska och det helt tidl\u00f6sa.<\/p>\n<p>Med vibrafon, mellotron, moog och tremologitarr bygger de dr\u00f6mska ljudlandskap d\u00e4r 60-\/70-talets filmmusik m\u00f6ter fransk ye-ye-pop, krautrock och psykadelisk pop. P\u00e5 nya albumet Flicker (2023) h\u00f6rs influenser fr\u00e5n dub, Philip Glass och Spiritualized \u2013 och \u00e4nd\u00e5 l\u00e5ter det bara som Death and Vanilla.<\/p>\n<p>Det blir analogt, hypnotiskt och vackert skevt \u2013 live p\u00e5 scen kl.22<\/p>\n<p><iframe title=\"Spotify Embed: Death and Vanilla\" style=\"border-radius: 12px\" width=\"100%\" height=\"352\" frameborder=\"0\" allowfullscreen allow=\"autoplay; clipboard-write; encrypted-media; fullscreen; picture-in-picture\" loading=\"lazy\" src=\"https:\/\/open.spotify.com\/embed\/artist\/7GSTcEvn1BkC3eucAlvBwt?si=yl4QLhfrRoW1AA38V3H_NQ&#038;utm_source=oembed\"><\/iframe><\/p>\n<p>&nbsp;<\/p>\n","protected":false},"excerpt":{"rendered":"<p>Death and Vanilla kommer till S\u00f6derblomster den 23e augusti. Det blir analogt, hypnotiskt och vackert skevt \u2013 live p\u00e5 scen kl.22<\/p>\n","protected":false},"featured_media":15726,"template":"","class_list":["post-15725","events","type-events","status-publish","has-post-thumbnail","hentry"],"acf":[],"yoast_head":"<!-- This site is optimized with the Yoast SEO plugin v27.5 - https:\/\/yoast.com\/product\/yoast-seo-wordpress\/ -->\n<title>Death &amp; Vanilla -\u00a0S\u00f6derblomster - Riche Fenix<\/title>\n<meta name=\"description\" content=\"Death and Vanilla kommer till S\u00f6derblomster den 23e augusti.\" \/>\n<meta name=\"robots\" content=\"index, follow, max-snippet:-1, max-image-preview:large, max-video-preview:-1\" \/>\n<link rel=\"canonical\" href=\"https:\/\/riche.se\/fenix\/kalendarium\/death-vanilla-soderblomster\/\" \/>\n<meta property=\"og:locale\" content=\"sv_SE\" \/>\n<meta property=\"og:type\" content=\"article\" \/>\n<meta property=\"og:title\" content=\"Death &amp; Vanilla -\u00a0S\u00f6derblomster - Riche Fenix\" \/>\n<meta property=\"og:description\" content=\"Death and Vanilla kommer till S\u00f6derblomster den 23e augusti.\" \/>\n<meta property=\"og:url\" content=\"https:\/\/riche.se\/fenix\/kalendarium\/death-vanilla-soderblomster\/\" \/>\n<meta property=\"og:site_name\" content=\"Riche Fenix\" \/>\n<meta property=\"article:modified_time\" content=\"2025-08-19T08:46:57+00:00\" \/>\n<meta property=\"og:image\" content=\"https:\/\/riche.se\/fenix\/wp-content\/uploads\/sites\/3\/sites\/3\/2025\/08\/Untitled-design-2-819x1024.png\" \/>\n\t<meta property=\"og:image:width\" content=\"819\" \/>\n\t<meta property=\"og:image:height\" content=\"1024\" \/>\n\t<meta property=\"og:image:type\" content=\"image\/png\" \/>\n<meta name=\"twitter:card\" content=\"summary_large_image\" \/>\n<meta name=\"twitter:label1\" content=\"Ber\u00e4knad l\u00e4stid\" \/>\n\t<meta name=\"twitter:data1\" content=\"1 minut\" \/>\n<script type=\"application\/ld+json\" class=\"yoast-schema-graph\">{\"@context\":\"https:\\\/\\\/schema.org\",\"@graph\":[{\"@type\":\"WebPage\",\"@id\":\"https:\\\/\\\/riche.se\\\/fenix\\\/kalendarium\\\/death-vanilla-soderblomster\\\/\",\"url\":\"https:\\\/\\\/riche.se\\\/fenix\\\/kalendarium\\\/death-vanilla-soderblomster\\\/\",\"name\":\"Death &amp; Vanilla -\u00a0S\u00f6derblomster - Riche Fenix\",\"isPartOf\":{\"@id\":\"https:\\\/\\\/riche.se\\\/fenix\\\/#website\"},\"primaryImageOfPage\":{\"@id\":\"https:\\\/\\\/riche.se\\\/fenix\\\/kalendarium\\\/death-vanilla-soderblomster\\\/#primaryimage\"},\"image\":{\"@id\":\"https:\\\/\\\/riche.se\\\/fenix\\\/kalendarium\\\/death-vanilla-soderblomster\\\/#primaryimage\"},\"thumbnailUrl\":\"https:\\\/\\\/riche.se\\\/fenix\\\/wp-content\\\/uploads\\\/sites\\\/3\\\/sites\\\/3\\\/2025\\\/08\\\/Untitled-design-2.png\",\"datePublished\":\"2025-08-19T08:25:08+00:00\",\"dateModified\":\"2025-08-19T08:46:57+00:00\",\"description\":\"Death and Vanilla kommer till S\u00f6derblomster den 23e augusti.\",\"breadcrumb\":{\"@id\":\"https:\\\/\\\/riche.se\\\/fenix\\\/kalendarium\\\/death-vanilla-soderblomster\\\/#breadcrumb\"},\"inLanguage\":\"sv-SE\",\"potentialAction\":[{\"@type\":\"ReadAction\",\"target\":[\"https:\\\/\\\/riche.se\\\/fenix\\\/kalendarium\\\/death-vanilla-soderblomster\\\/\"]}]},{\"@type\":\"ImageObject\",\"inLanguage\":\"sv-SE\",\"@id\":\"https:\\\/\\\/riche.se\\\/fenix\\\/kalendarium\\\/death-vanilla-soderblomster\\\/#primaryimage\",\"url\":\"https:\\\/\\\/riche.se\\\/fenix\\\/wp-content\\\/uploads\\\/sites\\\/3\\\/sites\\\/3\\\/2025\\\/08\\\/Untitled-design-2.png\",\"contentUrl\":\"https:\\\/\\\/riche.se\\\/fenix\\\/wp-content\\\/uploads\\\/sites\\\/3\\\/sites\\\/3\\\/2025\\\/08\\\/Untitled-design-2.png\",\"width\":1080,\"height\":1350},{\"@type\":\"BreadcrumbList\",\"@id\":\"https:\\\/\\\/riche.se\\\/fenix\\\/kalendarium\\\/death-vanilla-soderblomster\\\/#breadcrumb\",\"itemListElement\":[{\"@type\":\"ListItem\",\"position\":1,\"name\":\"Home\",\"item\":\"https:\\\/\\\/riche.se\\\/fenix\\\/\"},{\"@type\":\"ListItem\",\"position\":2,\"name\":\"Death &amp; Vanilla &#8211;\u00a0S\u00f6derblomster\"}]},{\"@type\":\"WebSite\",\"@id\":\"https:\\\/\\\/riche.se\\\/fenix\\\/#website\",\"url\":\"https:\\\/\\\/riche.se\\\/fenix\\\/\",\"name\":\"Riche Fenix\",\"description\":\"\",\"publisher\":{\"@id\":\"https:\\\/\\\/riche.se\\\/fenix\\\/#organization\"},\"potentialAction\":[{\"@type\":\"SearchAction\",\"target\":{\"@type\":\"EntryPoint\",\"urlTemplate\":\"https:\\\/\\\/riche.se\\\/fenix\\\/?s={search_term_string}\"},\"query-input\":{\"@type\":\"PropertyValueSpecification\",\"valueRequired\":true,\"valueName\":\"search_term_string\"}}],\"inLanguage\":\"sv-SE\"},{\"@type\":\"Organization\",\"@id\":\"https:\\\/\\\/riche.se\\\/fenix\\\/#organization\",\"name\":\"Riche Fenix\",\"url\":\"https:\\\/\\\/riche.se\\\/fenix\\\/\",\"logo\":{\"@type\":\"ImageObject\",\"inLanguage\":\"sv-SE\",\"@id\":\"https:\\\/\\\/riche.se\\\/fenix\\\/#\\\/schema\\\/logo\\\/image\\\/\",\"url\":\"https:\\\/\\\/riche.se\\\/fenix\\\/wp-content\\\/uploads\\\/sites\\\/3\\\/sites\\\/3\\\/2022\\\/08\\\/cropped-cropped-cropped-Riche-Fenix_Symbol_RGB_Black_Round-e1660316695957.png\",\"contentUrl\":\"https:\\\/\\\/riche.se\\\/fenix\\\/wp-content\\\/uploads\\\/sites\\\/3\\\/sites\\\/3\\\/2022\\\/08\\\/cropped-cropped-cropped-Riche-Fenix_Symbol_RGB_Black_Round-e1660316695957.png\",\"width\":512,\"height\":512,\"caption\":\"Riche Fenix\"},\"image\":{\"@id\":\"https:\\\/\\\/riche.se\\\/fenix\\\/#\\\/schema\\\/logo\\\/image\\\/\"}}]}<\/script>\n<!-- \/ Yoast SEO plugin. -->","yoast_head_json":{"title":"Death &amp; Vanilla -\u00a0S\u00f6derblomster - Riche Fenix","description":"Death and Vanilla kommer till S\u00f6derblomster den 23e augusti.","robots":{"index":"index","follow":"follow","max-snippet":"max-snippet:-1","max-image-preview":"max-image-preview:large","max-video-preview":"max-video-preview:-1"},"canonical":"https:\/\/riche.se\/fenix\/kalendarium\/death-vanilla-soderblomster\/","og_locale":"sv_SE","og_type":"article","og_title":"Death &amp; Vanilla -\u00a0S\u00f6derblomster - Riche Fenix","og_description":"Death and Vanilla kommer till S\u00f6derblomster den 23e augusti.","og_url":"https:\/\/riche.se\/fenix\/kalendarium\/death-vanilla-soderblomster\/","og_site_name":"Riche Fenix","article_modified_time":"2025-08-19T08:46:57+00:00","og_image":[{"width":819,"height":1024,"url":"https:\/\/riche.se\/fenix\/wp-content\/uploads\/sites\/3\/sites\/3\/2025\/08\/Untitled-design-2-819x1024.png","type":"image\/png"}],"twitter_card":"summary_large_image","twitter_misc":{"Ber\u00e4knad l\u00e4stid":"1 minut"},"schema":{"@context":"https:\/\/schema.org","@graph":[{"@type":"WebPage","@id":"https:\/\/riche.se\/fenix\/kalendarium\/death-vanilla-soderblomster\/","url":"https:\/\/riche.se\/fenix\/kalendarium\/death-vanilla-soderblomster\/","name":"Death &amp; Vanilla -\u00a0S\u00f6derblomster - Riche Fenix","isPartOf":{"@id":"https:\/\/riche.se\/fenix\/#website"},"primaryImageOfPage":{"@id":"https:\/\/riche.se\/fenix\/kalendarium\/death-vanilla-soderblomster\/#primaryimage"},"image":{"@id":"https:\/\/riche.se\/fenix\/kalendarium\/death-vanilla-soderblomster\/#primaryimage"},"thumbnailUrl":"https:\/\/riche.se\/fenix\/wp-content\/uploads\/sites\/3\/sites\/3\/2025\/08\/Untitled-design-2.png","datePublished":"2025-08-19T08:25:08+00:00","dateModified":"2025-08-19T08:46:57+00:00","description":"Death and Vanilla kommer till S\u00f6derblomster den 23e augusti.","breadcrumb":{"@id":"https:\/\/riche.se\/fenix\/kalendarium\/death-vanilla-soderblomster\/#breadcrumb"},"inLanguage":"sv-SE","potentialAction":[{"@type":"ReadAction","target":["https:\/\/riche.se\/fenix\/kalendarium\/death-vanilla-soderblomster\/"]}]},{"@type":"ImageObject","inLanguage":"sv-SE","@id":"https:\/\/riche.se\/fenix\/kalendarium\/death-vanilla-soderblomster\/#primaryimage","url":"https:\/\/riche.se\/fenix\/wp-content\/uploads\/sites\/3\/sites\/3\/2025\/08\/Untitled-design-2.png","contentUrl":"https:\/\/riche.se\/fenix\/wp-content\/uploads\/sites\/3\/sites\/3\/2025\/08\/Untitled-design-2.png","width":1080,"height":1350},{"@type":"BreadcrumbList","@id":"https:\/\/riche.se\/fenix\/kalendarium\/death-vanilla-soderblomster\/#breadcrumb","itemListElement":[{"@type":"ListItem","position":1,"name":"Home","item":"https:\/\/riche.se\/fenix\/"},{"@type":"ListItem","position":2,"name":"Death &amp; Vanilla &#8211;\u00a0S\u00f6derblomster"}]},{"@type":"WebSite","@id":"https:\/\/riche.se\/fenix\/#website","url":"https:\/\/riche.se\/fenix\/","name":"Riche Fenix","description":"","publisher":{"@id":"https:\/\/riche.se\/fenix\/#organization"},"potentialAction":[{"@type":"SearchAction","target":{"@type":"EntryPoint","urlTemplate":"https:\/\/riche.se\/fenix\/?s={search_term_string}"},"query-input":{"@type":"PropertyValueSpecification","valueRequired":true,"valueName":"search_term_string"}}],"inLanguage":"sv-SE"},{"@type":"Organization","@id":"https:\/\/riche.se\/fenix\/#organization","name":"Riche Fenix","url":"https:\/\/riche.se\/fenix\/","logo":{"@type":"ImageObject","inLanguage":"sv-SE","@id":"https:\/\/riche.se\/fenix\/#\/schema\/logo\/image\/","url":"https:\/\/riche.se\/fenix\/wp-content\/uploads\/sites\/3\/sites\/3\/2022\/08\/cropped-cropped-cropped-Riche-Fenix_Symbol_RGB_Black_Round-e1660316695957.png","contentUrl":"https:\/\/riche.se\/fenix\/wp-content\/uploads\/sites\/3\/sites\/3\/2022\/08\/cropped-cropped-cropped-Riche-Fenix_Symbol_RGB_Black_Round-e1660316695957.png","width":512,"height":512,"caption":"Riche Fenix"},"image":{"@id":"https:\/\/riche.se\/fenix\/#\/schema\/logo\/image\/"}}]}},"_links":{"self":[{"href":"https:\/\/riche.se\/fenix\/wp-json\/wp\/v2\/events\/15725","targetHints":{"allow":["GET"]}}],"collection":[{"href":"https:\/\/riche.se\/fenix\/wp-json\/wp\/v2\/events"}],"about":[{"href":"https:\/\/riche.se\/fenix\/wp-json\/wp\/v2\/types\/events"}],"wp:featuredmedia":[{"embeddable":true,"href":"https:\/\/riche.se\/fenix\/wp-json\/wp\/v2\/media\/15726"}],"wp:attachment":[{"href":"https:\/\/riche.se\/fenix\/wp-json\/wp\/v2\/media?parent=15725"}],"curies":[{"name":"wp","href":"https:\/\/api.w.org\/{rel}","templated":true}]}}