{"id":15316,"date":"2025-02-27T09:26:53","date_gmt":"2025-02-27T09:26:53","guid":{"rendered":"https:\/\/riche.se\/fenix\/?post_type=events&#038;p=15316"},"modified":"2025-03-03T19:25:36","modified_gmt":"2025-03-03T19:25:36","slug":"vernissage-anna-lova-sauk-prunkande-tradgard-porlande-minnen","status":"publish","type":"events","link":"https:\/\/riche.se\/fenix\/kalendarium\/vernissage-anna-lova-sauk-prunkande-tradgard-porlande-minnen\/","title":{"rendered":"Vernissage Anna Lova Sauk, Prunkande tr\u00e4dg\u00e5rd &amp; porlande minnen"},"content":{"rendered":"<p>Varmt v\u00e4lkomna p\u00e5 Vernissage p\u00e5 Riche Fenix <strong>tisdag den 18e mars kl 16:00-19:00 <\/strong>i n\u00e4rvaro av konstn\u00e4ren, Anna Lova Sauk.<br \/>\nRiche Fenix bjuder p\u00e5 f\u00f6rfriskning (f\u00f6rst till kvarn).<br \/>\nSt\u00f6tta g\u00e4rna Riche Fenix konstsatsning genom att boka bord eller avnjuta en m\u00e5ltid i anslutning till vernissage.<\/p>\n<p><a href=\"https:\/\/www.instagram.com\/annalovasauk\/\" target=\"_blank\" rel=\"noopener\"><span style=\"text-decoration: underline\"><strong>ANNA LOVA SAUK<\/strong> <\/span><\/a><br \/>\n\u2019<strong>Prunkande tr\u00e4dg\u00e5rd &amp; porlande minnen\u2019<\/strong><br \/>\n<strong>Riche Fenix<\/strong><br \/>\n<strong>18.03.2025 \u2013 17.05.2025<\/strong><\/p>\n<p>&nbsp;<\/p>\n<p>&nbsp;<\/p>\n<p>PRUNKANDE TR\u00c4DG\u00c5RD OCH PORLANDE MINNEN<\/p>\n<p>ANNA LOVA SAUK<br \/>\nAnna Lova Sauk (1992) \u00e4r en visuell konstn\u00e4r och keramiker vars fr\u00e4msta medium \u00e4r leran. Hon \u00e4r boende och verksam i Stockholm och p\u00e5 Bornholm, med en utbildning vid Det kunglige Akademi i Danmark. Riche Fenix har under en tid haft \u00f6gonen p\u00e5 detta lovande konstn\u00e4rskap och \u00e4r stolta \u00f6ver att kunna presentera dessa verk.<\/p>\n<p>Prunkande tr\u00e4dg\u00e5rd &amp; porlande minnen \u00e4r en utst\u00e4llning best\u00e5ende av keramiska, skulpturala verk och vaser som \u00e4r sprungen ur temat \u201dR\u00f6tter\u201d, tillsammans med ett lekfullt utforskande av de minnesfragment som befinner sig i gr\u00e4nslandet mellan dr\u00f6m och verklighet. Det \u00e4r en ber\u00e4ttelse som arbetats fram med Riche Fenix i \u00e5tanke, d\u00e4r skulpturerna inte bara talar med varandra utan \u00e4ven med platsen d\u00e4r dem befinner sig.<\/p>\n<blockquote><p><em>\u201dNaturens spr\u00e5k, mytologi och historieber\u00e4ttande \u00e4r teman som alltid varit av intresse f\u00f6r mig. De har blivit en del av den process som oftast utg\u00f6r ramverket f\u00f6r mitt skapande, tillsammans med ett \u00e5terkommande unders\u00f6kande av f\u00f6rh\u00e5llandet mellan kontraster. Att hitta stillhet i r\u00f6relse, r\u00f6relse i stillhet, det fl\u00f6dande och statiska, sk\u00f6nhet i det obehagliga, det vackra och groteska, mjukhet i det h\u00e5rda och h\u00e5rdhet i det sk\u00f6ra. En str\u00e4van efter att hitta b\u00e5de balans och friktion inom f\u00f6rh\u00e5llandet mellan motsatser.<\/em><\/p>\n<p><em>Att arbeta med lera \u00e4r en lekfull process. Det kan vara en lekfull process. En dans som \u00f6verg\u00e5r fr\u00e5n det kroppsliga, taktila, till ett yttre k\u00e4rl d\u00e4r den fysiska upplevelsen, k\u00e4nslan, eller ber\u00e4ttelsen kan f\u00e5ngas.\u201d<\/em><\/p><\/blockquote>\n<p style=\"text-align: right\">\u00a0&#8211; Anna Lova Sauk<\/p>\n<p>Kontakt<br \/>\nInstagram: <a href=\"https:\/\/www.instagram.com\/annalovasauk\/\" target=\"_blank\" rel=\"noopener\"><span style=\"text-decoration: underline\"><strong>@AnnaLovaSauk Tr\u00e4d Gr\u00e4s &amp; Lera<\/strong><\/span><\/a><\/p>\n","protected":false},"excerpt":{"rendered":"<p>Varmt v\u00e4lkomna p\u00e5 Vernissage p\u00e5 Riche Fenix tisdag den 18e mars kl 16-19<\/p>\n","protected":false},"featured_media":15317,"template":"","class_list":["post-15316","events","type-events","status-publish","has-post-thumbnail","hentry"],"acf":[],"yoast_head":"<!-- This site is optimized with the Yoast SEO plugin v27.5 - https:\/\/yoast.com\/product\/yoast-seo-wordpress\/ -->\n<title>Vernissage Anna Lova Sauk, Prunkande tr\u00e4dg\u00e5rd &amp; porlande minnen - Riche Fenix<\/title>\n<meta name=\"robots\" content=\"index, follow, max-snippet:-1, max-image-preview:large, max-video-preview:-1\" \/>\n<link rel=\"canonical\" href=\"https:\/\/riche.se\/fenix\/events\/vernissage-anna-lova-sauk-prunkande-tradgard-porlande-minnen\/\" \/>\n<meta property=\"og:locale\" content=\"sv_SE\" \/>\n<meta property=\"og:type\" content=\"article\" \/>\n<meta property=\"og:title\" content=\"Vernissage Anna Lova Sauk, Prunkande tr\u00e4dg\u00e5rd &amp; porlande minnen - Riche Fenix\" \/>\n<meta property=\"og:description\" content=\"Varmt v\u00e4lkomna p\u00e5 Vernissage p\u00e5 Riche Fenix tisdag den 18e mars kl 16-19\" \/>\n<meta property=\"og:url\" content=\"https:\/\/riche.se\/fenix\/events\/vernissage-anna-lova-sauk-prunkande-tradgard-porlande-minnen\/\" \/>\n<meta property=\"og:site_name\" content=\"Riche Fenix\" \/>\n<meta property=\"article:modified_time\" content=\"2025-03-03T19:25:36+00:00\" \/>\n<meta property=\"og:image\" content=\"https:\/\/riche.se\/fenix\/wp-content\/uploads\/sites\/3\/sites\/3\/2025\/02\/IMG_6531-scaled.jpg\" \/>\n\t<meta property=\"og:image:width\" content=\"2560\" \/>\n\t<meta property=\"og:image:height\" content=\"1699\" \/>\n\t<meta property=\"og:image:type\" content=\"image\/jpeg\" \/>\n<meta name=\"twitter:card\" content=\"summary_large_image\" \/>\n<meta name=\"twitter:label1\" content=\"Ber\u00e4knad l\u00e4stid\" \/>\n\t<meta name=\"twitter:data1\" content=\"2 minuter\" \/>\n<script type=\"application\/ld+json\" class=\"yoast-schema-graph\">{\"@context\":\"https:\\\/\\\/schema.org\",\"@graph\":[{\"@type\":\"WebPage\",\"@id\":\"https:\\\/\\\/riche.se\\\/fenix\\\/events\\\/vernissage-anna-lova-sauk-prunkande-tradgard-porlande-minnen\\\/\",\"url\":\"https:\\\/\\\/riche.se\\\/fenix\\\/events\\\/vernissage-anna-lova-sauk-prunkande-tradgard-porlande-minnen\\\/\",\"name\":\"Vernissage Anna Lova Sauk, Prunkande tr\u00e4dg\u00e5rd &amp; porlande minnen - Riche Fenix\",\"isPartOf\":{\"@id\":\"https:\\\/\\\/riche.se\\\/fenix\\\/#website\"},\"primaryImageOfPage\":{\"@id\":\"https:\\\/\\\/riche.se\\\/fenix\\\/events\\\/vernissage-anna-lova-sauk-prunkande-tradgard-porlande-minnen\\\/#primaryimage\"},\"image\":{\"@id\":\"https:\\\/\\\/riche.se\\\/fenix\\\/events\\\/vernissage-anna-lova-sauk-prunkande-tradgard-porlande-minnen\\\/#primaryimage\"},\"thumbnailUrl\":\"https:\\\/\\\/riche.se\\\/fenix\\\/wp-content\\\/uploads\\\/sites\\\/3\\\/sites\\\/3\\\/2025\\\/02\\\/IMG_6531-scaled.jpg\",\"datePublished\":\"2025-02-27T09:26:53+00:00\",\"dateModified\":\"2025-03-03T19:25:36+00:00\",\"breadcrumb\":{\"@id\":\"https:\\\/\\\/riche.se\\\/fenix\\\/events\\\/vernissage-anna-lova-sauk-prunkande-tradgard-porlande-minnen\\\/#breadcrumb\"},\"inLanguage\":\"sv-SE\",\"potentialAction\":[{\"@type\":\"ReadAction\",\"target\":[\"https:\\\/\\\/riche.se\\\/fenix\\\/events\\\/vernissage-anna-lova-sauk-prunkande-tradgard-porlande-minnen\\\/\"]}]},{\"@type\":\"ImageObject\",\"inLanguage\":\"sv-SE\",\"@id\":\"https:\\\/\\\/riche.se\\\/fenix\\\/events\\\/vernissage-anna-lova-sauk-prunkande-tradgard-porlande-minnen\\\/#primaryimage\",\"url\":\"https:\\\/\\\/riche.se\\\/fenix\\\/wp-content\\\/uploads\\\/sites\\\/3\\\/sites\\\/3\\\/2025\\\/02\\\/IMG_6531-scaled.jpg\",\"contentUrl\":\"https:\\\/\\\/riche.se\\\/fenix\\\/wp-content\\\/uploads\\\/sites\\\/3\\\/sites\\\/3\\\/2025\\\/02\\\/IMG_6531-scaled.jpg\",\"width\":2560,\"height\":1699},{\"@type\":\"BreadcrumbList\",\"@id\":\"https:\\\/\\\/riche.se\\\/fenix\\\/events\\\/vernissage-anna-lova-sauk-prunkande-tradgard-porlande-minnen\\\/#breadcrumb\",\"itemListElement\":[{\"@type\":\"ListItem\",\"position\":1,\"name\":\"Home\",\"item\":\"https:\\\/\\\/riche.se\\\/fenix\\\/\"},{\"@type\":\"ListItem\",\"position\":2,\"name\":\"Vernissage Anna Lova Sauk, Prunkande tr\u00e4dg\u00e5rd &amp; porlande minnen\"}]},{\"@type\":\"WebSite\",\"@id\":\"https:\\\/\\\/riche.se\\\/fenix\\\/#website\",\"url\":\"https:\\\/\\\/riche.se\\\/fenix\\\/\",\"name\":\"Riche Fenix\",\"description\":\"\",\"publisher\":{\"@id\":\"https:\\\/\\\/riche.se\\\/fenix\\\/#organization\"},\"potentialAction\":[{\"@type\":\"SearchAction\",\"target\":{\"@type\":\"EntryPoint\",\"urlTemplate\":\"https:\\\/\\\/riche.se\\\/fenix\\\/?s={search_term_string}\"},\"query-input\":{\"@type\":\"PropertyValueSpecification\",\"valueRequired\":true,\"valueName\":\"search_term_string\"}}],\"inLanguage\":\"sv-SE\"},{\"@type\":\"Organization\",\"@id\":\"https:\\\/\\\/riche.se\\\/fenix\\\/#organization\",\"name\":\"Riche Fenix\",\"url\":\"https:\\\/\\\/riche.se\\\/fenix\\\/\",\"logo\":{\"@type\":\"ImageObject\",\"inLanguage\":\"sv-SE\",\"@id\":\"https:\\\/\\\/riche.se\\\/fenix\\\/#\\\/schema\\\/logo\\\/image\\\/\",\"url\":\"https:\\\/\\\/riche.se\\\/fenix\\\/wp-content\\\/uploads\\\/sites\\\/3\\\/sites\\\/3\\\/2022\\\/08\\\/cropped-cropped-cropped-Riche-Fenix_Symbol_RGB_Black_Round-e1660316695957.png\",\"contentUrl\":\"https:\\\/\\\/riche.se\\\/fenix\\\/wp-content\\\/uploads\\\/sites\\\/3\\\/sites\\\/3\\\/2022\\\/08\\\/cropped-cropped-cropped-Riche-Fenix_Symbol_RGB_Black_Round-e1660316695957.png\",\"width\":512,\"height\":512,\"caption\":\"Riche Fenix\"},\"image\":{\"@id\":\"https:\\\/\\\/riche.se\\\/fenix\\\/#\\\/schema\\\/logo\\\/image\\\/\"}}]}<\/script>\n<!-- \/ Yoast SEO plugin. -->","yoast_head_json":{"title":"Vernissage Anna Lova Sauk, Prunkande tr\u00e4dg\u00e5rd &amp; porlande minnen - Riche Fenix","robots":{"index":"index","follow":"follow","max-snippet":"max-snippet:-1","max-image-preview":"max-image-preview:large","max-video-preview":"max-video-preview:-1"},"canonical":"https:\/\/riche.se\/fenix\/events\/vernissage-anna-lova-sauk-prunkande-tradgard-porlande-minnen\/","og_locale":"sv_SE","og_type":"article","og_title":"Vernissage Anna Lova Sauk, Prunkande tr\u00e4dg\u00e5rd &amp; porlande minnen - Riche Fenix","og_description":"Varmt v\u00e4lkomna p\u00e5 Vernissage p\u00e5 Riche Fenix tisdag den 18e mars kl 16-19","og_url":"https:\/\/riche.se\/fenix\/events\/vernissage-anna-lova-sauk-prunkande-tradgard-porlande-minnen\/","og_site_name":"Riche Fenix","article_modified_time":"2025-03-03T19:25:36+00:00","og_image":[{"width":2560,"height":1699,"url":"https:\/\/riche.se\/fenix\/wp-content\/uploads\/sites\/3\/sites\/3\/2025\/02\/IMG_6531-scaled.jpg","type":"image\/jpeg"}],"twitter_card":"summary_large_image","twitter_misc":{"Ber\u00e4knad l\u00e4stid":"2 minuter"},"schema":{"@context":"https:\/\/schema.org","@graph":[{"@type":"WebPage","@id":"https:\/\/riche.se\/fenix\/events\/vernissage-anna-lova-sauk-prunkande-tradgard-porlande-minnen\/","url":"https:\/\/riche.se\/fenix\/events\/vernissage-anna-lova-sauk-prunkande-tradgard-porlande-minnen\/","name":"Vernissage Anna Lova Sauk, Prunkande tr\u00e4dg\u00e5rd &amp; porlande minnen - Riche Fenix","isPartOf":{"@id":"https:\/\/riche.se\/fenix\/#website"},"primaryImageOfPage":{"@id":"https:\/\/riche.se\/fenix\/events\/vernissage-anna-lova-sauk-prunkande-tradgard-porlande-minnen\/#primaryimage"},"image":{"@id":"https:\/\/riche.se\/fenix\/events\/vernissage-anna-lova-sauk-prunkande-tradgard-porlande-minnen\/#primaryimage"},"thumbnailUrl":"https:\/\/riche.se\/fenix\/wp-content\/uploads\/sites\/3\/sites\/3\/2025\/02\/IMG_6531-scaled.jpg","datePublished":"2025-02-27T09:26:53+00:00","dateModified":"2025-03-03T19:25:36+00:00","breadcrumb":{"@id":"https:\/\/riche.se\/fenix\/events\/vernissage-anna-lova-sauk-prunkande-tradgard-porlande-minnen\/#breadcrumb"},"inLanguage":"sv-SE","potentialAction":[{"@type":"ReadAction","target":["https:\/\/riche.se\/fenix\/events\/vernissage-anna-lova-sauk-prunkande-tradgard-porlande-minnen\/"]}]},{"@type":"ImageObject","inLanguage":"sv-SE","@id":"https:\/\/riche.se\/fenix\/events\/vernissage-anna-lova-sauk-prunkande-tradgard-porlande-minnen\/#primaryimage","url":"https:\/\/riche.se\/fenix\/wp-content\/uploads\/sites\/3\/sites\/3\/2025\/02\/IMG_6531-scaled.jpg","contentUrl":"https:\/\/riche.se\/fenix\/wp-content\/uploads\/sites\/3\/sites\/3\/2025\/02\/IMG_6531-scaled.jpg","width":2560,"height":1699},{"@type":"BreadcrumbList","@id":"https:\/\/riche.se\/fenix\/events\/vernissage-anna-lova-sauk-prunkande-tradgard-porlande-minnen\/#breadcrumb","itemListElement":[{"@type":"ListItem","position":1,"name":"Home","item":"https:\/\/riche.se\/fenix\/"},{"@type":"ListItem","position":2,"name":"Vernissage Anna Lova Sauk, Prunkande tr\u00e4dg\u00e5rd &amp; porlande minnen"}]},{"@type":"WebSite","@id":"https:\/\/riche.se\/fenix\/#website","url":"https:\/\/riche.se\/fenix\/","name":"Riche Fenix","description":"","publisher":{"@id":"https:\/\/riche.se\/fenix\/#organization"},"potentialAction":[{"@type":"SearchAction","target":{"@type":"EntryPoint","urlTemplate":"https:\/\/riche.se\/fenix\/?s={search_term_string}"},"query-input":{"@type":"PropertyValueSpecification","valueRequired":true,"valueName":"search_term_string"}}],"inLanguage":"sv-SE"},{"@type":"Organization","@id":"https:\/\/riche.se\/fenix\/#organization","name":"Riche Fenix","url":"https:\/\/riche.se\/fenix\/","logo":{"@type":"ImageObject","inLanguage":"sv-SE","@id":"https:\/\/riche.se\/fenix\/#\/schema\/logo\/image\/","url":"https:\/\/riche.se\/fenix\/wp-content\/uploads\/sites\/3\/sites\/3\/2022\/08\/cropped-cropped-cropped-Riche-Fenix_Symbol_RGB_Black_Round-e1660316695957.png","contentUrl":"https:\/\/riche.se\/fenix\/wp-content\/uploads\/sites\/3\/sites\/3\/2022\/08\/cropped-cropped-cropped-Riche-Fenix_Symbol_RGB_Black_Round-e1660316695957.png","width":512,"height":512,"caption":"Riche Fenix"},"image":{"@id":"https:\/\/riche.se\/fenix\/#\/schema\/logo\/image\/"}}]}},"_links":{"self":[{"href":"https:\/\/riche.se\/fenix\/wp-json\/wp\/v2\/events\/15316","targetHints":{"allow":["GET"]}}],"collection":[{"href":"https:\/\/riche.se\/fenix\/wp-json\/wp\/v2\/events"}],"about":[{"href":"https:\/\/riche.se\/fenix\/wp-json\/wp\/v2\/types\/events"}],"wp:featuredmedia":[{"embeddable":true,"href":"https:\/\/riche.se\/fenix\/wp-json\/wp\/v2\/media\/15317"}],"wp:attachment":[{"href":"https:\/\/riche.se\/fenix\/wp-json\/wp\/v2\/media?parent=15316"}],"curies":[{"name":"wp","href":"https:\/\/api.w.org\/{rel}","templated":true}]}}