{"id":14714,"date":"2024-06-18T14:02:29","date_gmt":"2024-06-18T14:02:29","guid":{"rendered":"https:\/\/riche.se\/fenix\/?post_type=events&#038;p=14714"},"modified":"2024-06-18T14:02:29","modified_gmt":"2024-06-18T14:02:29","slug":"aw-prins-emanuel-inre-kretsen-grupp-fasaan-recordings","status":"publish","type":"events","link":"https:\/\/riche.se\/fenix\/kalendarium\/aw-prins-emanuel-inre-kretsen-grupp-fasaan-recordings\/","title":{"rendered":"AW &#8211; Prins Emanuel &amp; Inre Kretsen Grupp (Fasaan Recordings)"},"content":{"rendered":"<div>Tillsammans med Golden Ivy driver duon Fasaan Recordings \u2013 en etikett f\u00f6r eklektisk dans- och lyssningsmusik i Malm\u00f6, som f\u00f6rutom sina m\u00e5nga sl\u00e4pp genom \u00e5ren \u00e4ven drivit radioresidens f\u00f6r Tukio, Dublab och Mutant Radio och frontat spelningar som DJ\u2019s och liveakter \u00f6ver hela Europa, fr\u00e5n Dekmantel i Tisno till Salon Des Amateurs i D\u00fcsseldorf. Fr\u00e5n Ekkofestivalen i Bergen till Minim\u00fczikhol i Istanbul. Vanan trogen sl\u00e5r deras musikaliska kompass \u00e5t v\u00e4nsterut och bjuder en mix av dub, wave och industri-balearika fr\u00e5n d\u00e5tid och nutid. Ut\u00f6ver skivbolaget driver duon sedan en tid tillbaka musikproduktionsbyr\u00e5n Blomberg &amp; Sundin som komponerar musik f\u00f6r reklam och film.<\/div>\n<div><\/div>\n<div>Discjockeyn, musikern och producenten Emanuel Sundin b\u00f6rjade sin bana som trumslagare men hittade tidigt sin r\u00f6st som artist under eget namn. Som <a href=\"https:\/\/www.instagram.com\/prinsemanuel\/\" target=\"_blank\" rel=\"noopener\"><span style=\"text-decoration: underline\"><strong>Prins Emanuel<\/strong><\/span><\/a> r\u00f6r han sig \u00f6ver olika genrer och skapar rytmisk minimalism med utg\u00e5ngspunkt i dub, new wave, jazz och ambient. Hans musik har givits ut av Music For Dreams, JJ Funhouse, Music From Memory samt p\u00e5 otaliga samlingsalbum.<\/div>\n<div><\/div>\n<div>Bakom <a href=\"https:\/\/www.instagram.com\/inre.kretsen.grupp\/\" target=\"_blank\" rel=\"noopener\"><span style=\"text-decoration: underline\"><strong>Inre Kretsen Grupp<\/strong><\/span><\/a> st\u00e5r musikern och producenten Martin Blomberg. 2019 sl\u00e4pptes den uppskattade debut-EP:n Dorisk Ordning och 2022 s\u00e5g debutalbumet Raoul dagens ljus. Martins musik sv\u00e4var mellan dub, ambient-jazz, new beat och cold wave d\u00e4r det rytmiska och melodiska st\u00e4ndigt \u00e5terkommer som grund.<\/div>\n<div><\/div>\n<div>Tillsammans med Golden Ivy sl\u00e4ppte Prins Emanuel och Inre Kretsen Grupp f\u00f6rra \u00e5ret LP\u2019n;\u00a0<i>Jon Iverson meets Prins Emanuel, Golden Ivy &amp; Inre Kretsen Grupp<\/i>\u00a0p\u00e5 kanadensiska bolaget Seance Centre. Ett uppm\u00e4rksammat sl\u00e4pp trion skapade musik med utg\u00e5ngspunkt i gamla instrumentala sp\u00e5r som jazz\/fusion-musikern Jon Iverson haft liggande i arkiven sedan 80-talet.<\/div>\n<div><\/div>\n<div>19-22<\/div>\n<div><\/div>\n<p><iframe loading=\"lazy\" title=\"Prins Emanuel\" width=\"500\" height=\"450\" scrolling=\"no\" frameborder=\"no\" src=\"https:\/\/w.soundcloud.com\/player\/?visual=true&#038;url=https%3A%2F%2Fapi.soundcloud.com%2Fusers%2F2776248&#038;show_artwork=true&#038;maxheight=750&#038;maxwidth=500\"><\/iframe><\/p>\n<p><iframe loading=\"lazy\" title=\"Inre Kretsen Grupp\" width=\"500\" height=\"450\" scrolling=\"no\" frameborder=\"no\" src=\"https:\/\/w.soundcloud.com\/player\/?visual=true&#038;url=https%3A%2F%2Fapi.soundcloud.com%2Fusers%2F47784500&#038;show_artwork=true&#038;maxheight=750&#038;maxwidth=500\"><\/iframe><\/p>\n<p><iframe loading=\"lazy\" title=\"Fasaan Rec.\" width=\"500\" height=\"450\" scrolling=\"no\" frameborder=\"no\" src=\"https:\/\/w.soundcloud.com\/player\/?visual=true&#038;url=https%3A%2F%2Fapi.soundcloud.com%2Fusers%2F2821031&#038;show_artwork=true&#038;maxheight=750&#038;maxwidth=500\"><\/iframe><\/p>\n<p>&nbsp;<\/p>\n","protected":false},"excerpt":{"rendered":"<p>Duon r\u00f6r sig \u00f6ver olika genrer och skapar rytmisk men melodisk minimalism med utg\u00e5ngspunkt i dub, new wave, jazz, ambient och new beat. 19-22\u00a0<\/p>\n","protected":false},"featured_media":14715,"template":"","class_list":["post-14714","events","type-events","status-publish","has-post-thumbnail","hentry"],"acf":[],"yoast_head":"<!-- This site is optimized with the Yoast SEO plugin v27.5 - https:\/\/yoast.com\/product\/yoast-seo-wordpress\/ -->\n<title>AW - Prins Emanuel &amp; Inre Kretsen Grupp (Fasaan Recordings) - Riche Fenix<\/title>\n<meta name=\"robots\" content=\"index, follow, max-snippet:-1, max-image-preview:large, max-video-preview:-1\" \/>\n<link rel=\"canonical\" href=\"https:\/\/riche.se\/fenix\/events\/aw-prins-emanuel-inre-kretsen-grupp-fasaan-recordings\/\" \/>\n<meta property=\"og:locale\" content=\"sv_SE\" \/>\n<meta property=\"og:type\" content=\"article\" \/>\n<meta property=\"og:title\" content=\"AW - Prins Emanuel &amp; Inre Kretsen Grupp (Fasaan Recordings) - Riche Fenix\" \/>\n<meta property=\"og:description\" content=\"Duon r\u00f6r sig \u00f6ver olika genrer och skapar rytmisk men melodisk minimalism med utg\u00e5ngspunkt i dub, new wave, jazz, ambient och new beat. 19-22\u00a0\" \/>\n<meta property=\"og:url\" content=\"https:\/\/riche.se\/fenix\/events\/aw-prins-emanuel-inre-kretsen-grupp-fasaan-recordings\/\" \/>\n<meta property=\"og:site_name\" content=\"Riche Fenix\" \/>\n<meta property=\"og:image\" content=\"https:\/\/riche.se\/fenix\/wp-content\/uploads\/sites\/3\/sites\/3\/2024\/06\/PrinsEmanuelInreKretsenGrupp.jpg\" \/>\n\t<meta property=\"og:image:width\" content=\"2048\" \/>\n\t<meta property=\"og:image:height\" content=\"1367\" \/>\n\t<meta property=\"og:image:type\" content=\"image\/jpeg\" \/>\n<meta name=\"twitter:card\" content=\"summary_large_image\" \/>\n<meta name=\"twitter:label1\" content=\"Ber\u00e4knad l\u00e4stid\" \/>\n\t<meta name=\"twitter:data1\" content=\"2 minuter\" \/>\n<script type=\"application\/ld+json\" class=\"yoast-schema-graph\">{\"@context\":\"https:\\\/\\\/schema.org\",\"@graph\":[{\"@type\":\"WebPage\",\"@id\":\"https:\\\/\\\/riche.se\\\/fenix\\\/events\\\/aw-prins-emanuel-inre-kretsen-grupp-fasaan-recordings\\\/\",\"url\":\"https:\\\/\\\/riche.se\\\/fenix\\\/events\\\/aw-prins-emanuel-inre-kretsen-grupp-fasaan-recordings\\\/\",\"name\":\"AW - Prins Emanuel &amp; Inre Kretsen Grupp (Fasaan Recordings) - Riche Fenix\",\"isPartOf\":{\"@id\":\"https:\\\/\\\/riche.se\\\/fenix\\\/#website\"},\"primaryImageOfPage\":{\"@id\":\"https:\\\/\\\/riche.se\\\/fenix\\\/events\\\/aw-prins-emanuel-inre-kretsen-grupp-fasaan-recordings\\\/#primaryimage\"},\"image\":{\"@id\":\"https:\\\/\\\/riche.se\\\/fenix\\\/events\\\/aw-prins-emanuel-inre-kretsen-grupp-fasaan-recordings\\\/#primaryimage\"},\"thumbnailUrl\":\"https:\\\/\\\/riche.se\\\/fenix\\\/wp-content\\\/uploads\\\/sites\\\/3\\\/sites\\\/3\\\/2024\\\/06\\\/PrinsEmanuelInreKretsenGrupp.jpg\",\"datePublished\":\"2024-06-18T14:02:29+00:00\",\"breadcrumb\":{\"@id\":\"https:\\\/\\\/riche.se\\\/fenix\\\/events\\\/aw-prins-emanuel-inre-kretsen-grupp-fasaan-recordings\\\/#breadcrumb\"},\"inLanguage\":\"sv-SE\",\"potentialAction\":[{\"@type\":\"ReadAction\",\"target\":[\"https:\\\/\\\/riche.se\\\/fenix\\\/events\\\/aw-prins-emanuel-inre-kretsen-grupp-fasaan-recordings\\\/\"]}]},{\"@type\":\"ImageObject\",\"inLanguage\":\"sv-SE\",\"@id\":\"https:\\\/\\\/riche.se\\\/fenix\\\/events\\\/aw-prins-emanuel-inre-kretsen-grupp-fasaan-recordings\\\/#primaryimage\",\"url\":\"https:\\\/\\\/riche.se\\\/fenix\\\/wp-content\\\/uploads\\\/sites\\\/3\\\/sites\\\/3\\\/2024\\\/06\\\/PrinsEmanuelInreKretsenGrupp.jpg\",\"contentUrl\":\"https:\\\/\\\/riche.se\\\/fenix\\\/wp-content\\\/uploads\\\/sites\\\/3\\\/sites\\\/3\\\/2024\\\/06\\\/PrinsEmanuelInreKretsenGrupp.jpg\",\"width\":2048,\"height\":1367},{\"@type\":\"BreadcrumbList\",\"@id\":\"https:\\\/\\\/riche.se\\\/fenix\\\/events\\\/aw-prins-emanuel-inre-kretsen-grupp-fasaan-recordings\\\/#breadcrumb\",\"itemListElement\":[{\"@type\":\"ListItem\",\"position\":1,\"name\":\"Home\",\"item\":\"https:\\\/\\\/riche.se\\\/fenix\\\/\"},{\"@type\":\"ListItem\",\"position\":2,\"name\":\"AW &#8211; Prins Emanuel &amp; Inre Kretsen Grupp (Fasaan Recordings)\"}]},{\"@type\":\"WebSite\",\"@id\":\"https:\\\/\\\/riche.se\\\/fenix\\\/#website\",\"url\":\"https:\\\/\\\/riche.se\\\/fenix\\\/\",\"name\":\"Riche Fenix\",\"description\":\"\",\"publisher\":{\"@id\":\"https:\\\/\\\/riche.se\\\/fenix\\\/#organization\"},\"potentialAction\":[{\"@type\":\"SearchAction\",\"target\":{\"@type\":\"EntryPoint\",\"urlTemplate\":\"https:\\\/\\\/riche.se\\\/fenix\\\/?s={search_term_string}\"},\"query-input\":{\"@type\":\"PropertyValueSpecification\",\"valueRequired\":true,\"valueName\":\"search_term_string\"}}],\"inLanguage\":\"sv-SE\"},{\"@type\":\"Organization\",\"@id\":\"https:\\\/\\\/riche.se\\\/fenix\\\/#organization\",\"name\":\"Riche Fenix\",\"url\":\"https:\\\/\\\/riche.se\\\/fenix\\\/\",\"logo\":{\"@type\":\"ImageObject\",\"inLanguage\":\"sv-SE\",\"@id\":\"https:\\\/\\\/riche.se\\\/fenix\\\/#\\\/schema\\\/logo\\\/image\\\/\",\"url\":\"https:\\\/\\\/riche.se\\\/fenix\\\/wp-content\\\/uploads\\\/sites\\\/3\\\/sites\\\/3\\\/2022\\\/08\\\/cropped-cropped-cropped-Riche-Fenix_Symbol_RGB_Black_Round-e1660316695957.png\",\"contentUrl\":\"https:\\\/\\\/riche.se\\\/fenix\\\/wp-content\\\/uploads\\\/sites\\\/3\\\/sites\\\/3\\\/2022\\\/08\\\/cropped-cropped-cropped-Riche-Fenix_Symbol_RGB_Black_Round-e1660316695957.png\",\"width\":512,\"height\":512,\"caption\":\"Riche Fenix\"},\"image\":{\"@id\":\"https:\\\/\\\/riche.se\\\/fenix\\\/#\\\/schema\\\/logo\\\/image\\\/\"}}]}<\/script>\n<!-- \/ Yoast SEO plugin. -->","yoast_head_json":{"title":"AW - Prins Emanuel &amp; Inre Kretsen Grupp (Fasaan Recordings) - Riche Fenix","robots":{"index":"index","follow":"follow","max-snippet":"max-snippet:-1","max-image-preview":"max-image-preview:large","max-video-preview":"max-video-preview:-1"},"canonical":"https:\/\/riche.se\/fenix\/events\/aw-prins-emanuel-inre-kretsen-grupp-fasaan-recordings\/","og_locale":"sv_SE","og_type":"article","og_title":"AW - Prins Emanuel &amp; Inre Kretsen Grupp (Fasaan Recordings) - Riche Fenix","og_description":"Duon r\u00f6r sig \u00f6ver olika genrer och skapar rytmisk men melodisk minimalism med utg\u00e5ngspunkt i dub, new wave, jazz, ambient och new beat. 19-22\u00a0","og_url":"https:\/\/riche.se\/fenix\/events\/aw-prins-emanuel-inre-kretsen-grupp-fasaan-recordings\/","og_site_name":"Riche Fenix","og_image":[{"width":2048,"height":1367,"url":"https:\/\/riche.se\/fenix\/wp-content\/uploads\/sites\/3\/sites\/3\/2024\/06\/PrinsEmanuelInreKretsenGrupp.jpg","type":"image\/jpeg"}],"twitter_card":"summary_large_image","twitter_misc":{"Ber\u00e4knad l\u00e4stid":"2 minuter"},"schema":{"@context":"https:\/\/schema.org","@graph":[{"@type":"WebPage","@id":"https:\/\/riche.se\/fenix\/events\/aw-prins-emanuel-inre-kretsen-grupp-fasaan-recordings\/","url":"https:\/\/riche.se\/fenix\/events\/aw-prins-emanuel-inre-kretsen-grupp-fasaan-recordings\/","name":"AW - Prins Emanuel &amp; Inre Kretsen Grupp (Fasaan Recordings) - Riche Fenix","isPartOf":{"@id":"https:\/\/riche.se\/fenix\/#website"},"primaryImageOfPage":{"@id":"https:\/\/riche.se\/fenix\/events\/aw-prins-emanuel-inre-kretsen-grupp-fasaan-recordings\/#primaryimage"},"image":{"@id":"https:\/\/riche.se\/fenix\/events\/aw-prins-emanuel-inre-kretsen-grupp-fasaan-recordings\/#primaryimage"},"thumbnailUrl":"https:\/\/riche.se\/fenix\/wp-content\/uploads\/sites\/3\/sites\/3\/2024\/06\/PrinsEmanuelInreKretsenGrupp.jpg","datePublished":"2024-06-18T14:02:29+00:00","breadcrumb":{"@id":"https:\/\/riche.se\/fenix\/events\/aw-prins-emanuel-inre-kretsen-grupp-fasaan-recordings\/#breadcrumb"},"inLanguage":"sv-SE","potentialAction":[{"@type":"ReadAction","target":["https:\/\/riche.se\/fenix\/events\/aw-prins-emanuel-inre-kretsen-grupp-fasaan-recordings\/"]}]},{"@type":"ImageObject","inLanguage":"sv-SE","@id":"https:\/\/riche.se\/fenix\/events\/aw-prins-emanuel-inre-kretsen-grupp-fasaan-recordings\/#primaryimage","url":"https:\/\/riche.se\/fenix\/wp-content\/uploads\/sites\/3\/sites\/3\/2024\/06\/PrinsEmanuelInreKretsenGrupp.jpg","contentUrl":"https:\/\/riche.se\/fenix\/wp-content\/uploads\/sites\/3\/sites\/3\/2024\/06\/PrinsEmanuelInreKretsenGrupp.jpg","width":2048,"height":1367},{"@type":"BreadcrumbList","@id":"https:\/\/riche.se\/fenix\/events\/aw-prins-emanuel-inre-kretsen-grupp-fasaan-recordings\/#breadcrumb","itemListElement":[{"@type":"ListItem","position":1,"name":"Home","item":"https:\/\/riche.se\/fenix\/"},{"@type":"ListItem","position":2,"name":"AW &#8211; Prins Emanuel &amp; Inre Kretsen Grupp (Fasaan Recordings)"}]},{"@type":"WebSite","@id":"https:\/\/riche.se\/fenix\/#website","url":"https:\/\/riche.se\/fenix\/","name":"Riche Fenix","description":"","publisher":{"@id":"https:\/\/riche.se\/fenix\/#organization"},"potentialAction":[{"@type":"SearchAction","target":{"@type":"EntryPoint","urlTemplate":"https:\/\/riche.se\/fenix\/?s={search_term_string}"},"query-input":{"@type":"PropertyValueSpecification","valueRequired":true,"valueName":"search_term_string"}}],"inLanguage":"sv-SE"},{"@type":"Organization","@id":"https:\/\/riche.se\/fenix\/#organization","name":"Riche Fenix","url":"https:\/\/riche.se\/fenix\/","logo":{"@type":"ImageObject","inLanguage":"sv-SE","@id":"https:\/\/riche.se\/fenix\/#\/schema\/logo\/image\/","url":"https:\/\/riche.se\/fenix\/wp-content\/uploads\/sites\/3\/sites\/3\/2022\/08\/cropped-cropped-cropped-Riche-Fenix_Symbol_RGB_Black_Round-e1660316695957.png","contentUrl":"https:\/\/riche.se\/fenix\/wp-content\/uploads\/sites\/3\/sites\/3\/2022\/08\/cropped-cropped-cropped-Riche-Fenix_Symbol_RGB_Black_Round-e1660316695957.png","width":512,"height":512,"caption":"Riche Fenix"},"image":{"@id":"https:\/\/riche.se\/fenix\/#\/schema\/logo\/image\/"}}]}},"_links":{"self":[{"href":"https:\/\/riche.se\/fenix\/wp-json\/wp\/v2\/events\/14714","targetHints":{"allow":["GET"]}}],"collection":[{"href":"https:\/\/riche.se\/fenix\/wp-json\/wp\/v2\/events"}],"about":[{"href":"https:\/\/riche.se\/fenix\/wp-json\/wp\/v2\/types\/events"}],"wp:featuredmedia":[{"embeddable":true,"href":"https:\/\/riche.se\/fenix\/wp-json\/wp\/v2\/media\/14715"}],"wp:attachment":[{"href":"https:\/\/riche.se\/fenix\/wp-json\/wp\/v2\/media?parent=14714"}],"curies":[{"name":"wp","href":"https:\/\/api.w.org\/{rel}","templated":true}]}}