{"id":13793,"date":"2023-08-21T06:53:59","date_gmt":"2023-08-21T06:53:59","guid":{"rendered":"https:\/\/riche.se\/fenix\/?post_type=events&#038;p=13793"},"modified":"2023-08-21T06:53:59","modified_gmt":"2023-08-21T06:53:59","slug":"brutwork-at-fenix-during-stockholm-design-week-5-9-september","status":"publish","type":"events","link":"https:\/\/riche.se\/fenix\/kalendarium\/brutwork-at-fenix-during-stockholm-design-week-5-9-september\/","title":{"rendered":"Brutwork at Fenix. During Stockholm Design Week 5-9 September"},"content":{"rendered":"<p>Brutwork \u00e4r m\u00f6bler som utg\u00e5r fr\u00e5n en annorlunda tanke. T\u00e4nk om man kunde \u00f6vers\u00e4tta hur man arbetar med typsnitt n\u00e4r man presenterar en text till m\u00f6bler i ett rum, att m\u00f6blerna kan anpassas i olika grader?<br \/>\nP\u00e5 det s\u00e4ttet har Fredrik \u00d6stergren skapat en linje av m\u00f6bler som g\u00e5r fr\u00e5n tunnare och gracila m\u00f6bler, till tjockare och mer bylsiga pj\u00e4ser. Fredrik har kunnat skapa dessa ting utan att n\u00e5gonsin tulla p\u00e5 sk\u00f6nheten i objektet, snarare har han genom denna process kunnat skapa monumentala m\u00f6bler. L\u00e5ter det sp\u00e4nnande? Kom och titta och k\u00f6p m\u00f6blerna p\u00e5 Fenix under Stockholm Design Week 5-9 September.<br \/>\n<strong>Fenix har premi\u00e4rvisning av Brutwork den 5e september mellan kl 17-20 och Fredrik \u00e4r p\u00e5 plats.<\/strong><\/p>\n<p><strong>Varmt V\u00e4lkomna!<\/strong><\/p>\n<p>&nbsp;<\/p>\n<p>Om Brutworks.<\/p>\n<p>What would happen if interior designers were offered the possibilty to choose weight in similarity to how a graphic designer do when choosing fonts to their composition? In that process the designer chooses a certain basic shape, a typeface, which then can be shaped into light, medium or bold, whichever fits the composition best. This is something that Fredrik \u00d6stergren, founder of Brutwork, offers interior designers and their spatial compositions.<\/p>\n<p>With inspiration from japanese furniture design, traditional Nordic crafts, Swedish solid core pine, and not to forget \u2013 brutalism, Fredrik creates a combination of multidimensional Swedish core pine brutalism.<\/p>\n<p>Brutwork AB is a furniture design company operating on S\u00f6dermalm in Stockholm. The founder Fredrik \u00d6stergren has during the 90s, 00s and 10s worked as a graphic designer, Art Director and Creative Director at several communication companies. All furniture is made to order and is signed and numbered in a limited edition.<\/p>\n<p>Simplification is refinement.<\/p>\n<p>During Stockholm Design Week 5-9 September \u2013 <a href=\"https:\/\/www.brutwork.com\/\">Brutwork<\/a> will be changing a few things at Riche Fenix.<\/p>\n<p><a href=\"https:\/\/www.brutwork.com\/\"><img loading=\"lazy\" decoding=\"async\" class=\"alignnone size-medium wp-image-13796\" src=\"https:\/\/riche.se\/fenix\/wp-content\/uploads\/sites\/3\/sites\/3\/2023\/08\/Ska\u0308rmavbild-2023-08-21-kl.-08.41.57-300x139.png\" alt=\"\" width=\"300\" height=\"139\" srcset=\"https:\/\/riche.se\/fenix\/wp-content\/uploads\/sites\/3\/sites\/3\/2023\/08\/Ska\u0308rmavbild-2023-08-21-kl.-08.41.57-300x139.png 300w, https:\/\/riche.se\/fenix\/wp-content\/uploads\/sites\/3\/sites\/3\/2023\/08\/Ska\u0308rmavbild-2023-08-21-kl.-08.41.57-1024x475.png 1024w, https:\/\/riche.se\/fenix\/wp-content\/uploads\/sites\/3\/sites\/3\/2023\/08\/Ska\u0308rmavbild-2023-08-21-kl.-08.41.57-768x356.png 768w, https:\/\/riche.se\/fenix\/wp-content\/uploads\/sites\/3\/sites\/3\/2023\/08\/Ska\u0308rmavbild-2023-08-21-kl.-08.41.57-1536x713.png 1536w, https:\/\/riche.se\/fenix\/wp-content\/uploads\/sites\/3\/sites\/3\/2023\/08\/Ska\u0308rmavbild-2023-08-21-kl.-08.41.57-2048x950.png 2048w\" sizes=\"auto, (max-width: 300px) 100vw, 300px\" \/><\/a><\/p>\n","protected":false},"excerpt":{"rendered":"<p>Brutwork \u00e4r m\u00f6bler som utg\u00e5r fr\u00e5n en annorlunda tanke. T\u00e4nk om man kunde \u00f6vers\u00e4tta hur man arbetar med typsnitt n\u00e4r man presenterar en text till m\u00f6bler i ett rum, att m\u00f6blerna kan anpassas i olika grader?<br \/>\nP\u00e5 det s\u00e4ttet har Fredrik \u00d6stergren skapat en linje av m\u00f6bler som g\u00e5r fr\u00e5n tunnare och gracila m\u00f6bler, till tjockare och mer bylsiga pj\u00e4ser. Fredrik har kunnat skapa dessa ting utan att n\u00e5gonsin tulla p\u00e5 sk\u00f6nheten i objektet, snarare har han genom denna process kunnat skapa monumentala m\u00f6bler. L\u00e5ter det sp\u00e4nnande? Kom och titta och k\u00f6p m\u00f6blerna p\u00e5 Fenix under Stockholm Design Week 5-9 September.<br \/>\nFenix har premi\u00e4rvisning av Brutwork den 5e september mellan kl 17-20 och Fredrik \u00e4r p\u00e5 plats. Varmt V\u00e4lkomna!<\/p>\n","protected":false},"featured_media":13795,"template":"","class_list":["post-13793","events","type-events","status-publish","has-post-thumbnail","hentry"],"acf":[],"yoast_head":"<!-- This site is optimized with the Yoast SEO plugin v27.5 - https:\/\/yoast.com\/product\/yoast-seo-wordpress\/ -->\n<title>Brutwork at Fenix. During Stockholm Design Week 5-9 September - Riche Fenix<\/title>\n<meta name=\"robots\" content=\"index, follow, max-snippet:-1, max-image-preview:large, max-video-preview:-1\" \/>\n<link rel=\"canonical\" href=\"https:\/\/riche.se\/fenix\/events\/brutwork-at-fenix-during-stockholm-design-week-5-9-september\/\" \/>\n<meta property=\"og:locale\" content=\"sv_SE\" \/>\n<meta property=\"og:type\" content=\"article\" \/>\n<meta property=\"og:title\" content=\"Brutwork at Fenix. During Stockholm Design Week 5-9 September - Riche Fenix\" \/>\n<meta property=\"og:description\" content=\"Brutwork \u00e4r m\u00f6bler som utg\u00e5r fr\u00e5n en annorlunda tanke. T\u00e4nk om man kunde \u00f6vers\u00e4tta hur man arbetar med typsnitt n\u00e4r man presenterar en text till m\u00f6bler i ett rum, att m\u00f6blerna kan anpassas i olika grader? P\u00e5 det s\u00e4ttet har Fredrik \u00d6stergren skapat en linje av m\u00f6bler som g\u00e5r fr\u00e5n tunnare och gracila m\u00f6bler, till tjockare och mer bylsiga pj\u00e4ser. Fredrik har kunnat skapa dessa ting utan att n\u00e5gonsin tulla p\u00e5 sk\u00f6nheten i objektet, snarare har han genom denna process kunnat skapa monumentala m\u00f6bler. L\u00e5ter det sp\u00e4nnande? Kom och titta och k\u00f6p m\u00f6blerna p\u00e5 Fenix under Stockholm Design Week 5-9 September. Fenix har premi\u00e4rvisning av Brutwork den 5e september mellan kl 17-20 och Fredrik \u00e4r p\u00e5 plats. Varmt V\u00e4lkomna!\" \/>\n<meta property=\"og:url\" content=\"https:\/\/riche.se\/fenix\/events\/brutwork-at-fenix-during-stockholm-design-week-5-9-september\/\" \/>\n<meta property=\"og:site_name\" content=\"Riche Fenix\" \/>\n<meta property=\"og:image\" content=\"https:\/\/riche.se\/fenix\/wp-content\/uploads\/sites\/3\/sites\/3\/2023\/08\/fenix-brutworks.gif\" \/>\n\t<meta property=\"og:image:width\" content=\"1404\" \/>\n\t<meta property=\"og:image:height\" content=\"267\" \/>\n\t<meta property=\"og:image:type\" content=\"image\/gif\" \/>\n<meta name=\"twitter:card\" content=\"summary_large_image\" \/>\n<meta name=\"twitter:label1\" content=\"Ber\u00e4knad l\u00e4stid\" \/>\n\t<meta name=\"twitter:data1\" content=\"2 minuter\" \/>\n<script type=\"application\/ld+json\" class=\"yoast-schema-graph\">{\"@context\":\"https:\\\/\\\/schema.org\",\"@graph\":[{\"@type\":\"WebPage\",\"@id\":\"https:\\\/\\\/riche.se\\\/fenix\\\/events\\\/brutwork-at-fenix-during-stockholm-design-week-5-9-september\\\/\",\"url\":\"https:\\\/\\\/riche.se\\\/fenix\\\/events\\\/brutwork-at-fenix-during-stockholm-design-week-5-9-september\\\/\",\"name\":\"Brutwork at Fenix. During Stockholm Design Week 5-9 September - Riche Fenix\",\"isPartOf\":{\"@id\":\"https:\\\/\\\/riche.se\\\/fenix\\\/#website\"},\"primaryImageOfPage\":{\"@id\":\"https:\\\/\\\/riche.se\\\/fenix\\\/events\\\/brutwork-at-fenix-during-stockholm-design-week-5-9-september\\\/#primaryimage\"},\"image\":{\"@id\":\"https:\\\/\\\/riche.se\\\/fenix\\\/events\\\/brutwork-at-fenix-during-stockholm-design-week-5-9-september\\\/#primaryimage\"},\"thumbnailUrl\":\"https:\\\/\\\/riche.se\\\/fenix\\\/wp-content\\\/uploads\\\/sites\\\/3\\\/sites\\\/3\\\/2023\\\/08\\\/fenix-brutworks.gif\",\"datePublished\":\"2023-08-21T06:53:59+00:00\",\"breadcrumb\":{\"@id\":\"https:\\\/\\\/riche.se\\\/fenix\\\/events\\\/brutwork-at-fenix-during-stockholm-design-week-5-9-september\\\/#breadcrumb\"},\"inLanguage\":\"sv-SE\",\"potentialAction\":[{\"@type\":\"ReadAction\",\"target\":[\"https:\\\/\\\/riche.se\\\/fenix\\\/events\\\/brutwork-at-fenix-during-stockholm-design-week-5-9-september\\\/\"]}]},{\"@type\":\"ImageObject\",\"inLanguage\":\"sv-SE\",\"@id\":\"https:\\\/\\\/riche.se\\\/fenix\\\/events\\\/brutwork-at-fenix-during-stockholm-design-week-5-9-september\\\/#primaryimage\",\"url\":\"https:\\\/\\\/riche.se\\\/fenix\\\/wp-content\\\/uploads\\\/sites\\\/3\\\/sites\\\/3\\\/2023\\\/08\\\/fenix-brutworks.gif\",\"contentUrl\":\"https:\\\/\\\/riche.se\\\/fenix\\\/wp-content\\\/uploads\\\/sites\\\/3\\\/sites\\\/3\\\/2023\\\/08\\\/fenix-brutworks.gif\",\"width\":1404,\"height\":267},{\"@type\":\"BreadcrumbList\",\"@id\":\"https:\\\/\\\/riche.se\\\/fenix\\\/events\\\/brutwork-at-fenix-during-stockholm-design-week-5-9-september\\\/#breadcrumb\",\"itemListElement\":[{\"@type\":\"ListItem\",\"position\":1,\"name\":\"Home\",\"item\":\"https:\\\/\\\/riche.se\\\/fenix\\\/\"},{\"@type\":\"ListItem\",\"position\":2,\"name\":\"Brutwork at Fenix. During Stockholm Design Week 5-9 September\"}]},{\"@type\":\"WebSite\",\"@id\":\"https:\\\/\\\/riche.se\\\/fenix\\\/#website\",\"url\":\"https:\\\/\\\/riche.se\\\/fenix\\\/\",\"name\":\"Riche Fenix\",\"description\":\"\",\"publisher\":{\"@id\":\"https:\\\/\\\/riche.se\\\/fenix\\\/#organization\"},\"potentialAction\":[{\"@type\":\"SearchAction\",\"target\":{\"@type\":\"EntryPoint\",\"urlTemplate\":\"https:\\\/\\\/riche.se\\\/fenix\\\/?s={search_term_string}\"},\"query-input\":{\"@type\":\"PropertyValueSpecification\",\"valueRequired\":true,\"valueName\":\"search_term_string\"}}],\"inLanguage\":\"sv-SE\"},{\"@type\":\"Organization\",\"@id\":\"https:\\\/\\\/riche.se\\\/fenix\\\/#organization\",\"name\":\"Riche Fenix\",\"url\":\"https:\\\/\\\/riche.se\\\/fenix\\\/\",\"logo\":{\"@type\":\"ImageObject\",\"inLanguage\":\"sv-SE\",\"@id\":\"https:\\\/\\\/riche.se\\\/fenix\\\/#\\\/schema\\\/logo\\\/image\\\/\",\"url\":\"https:\\\/\\\/riche.se\\\/fenix\\\/wp-content\\\/uploads\\\/sites\\\/3\\\/sites\\\/3\\\/2022\\\/08\\\/cropped-cropped-cropped-Riche-Fenix_Symbol_RGB_Black_Round-e1660316695957.png\",\"contentUrl\":\"https:\\\/\\\/riche.se\\\/fenix\\\/wp-content\\\/uploads\\\/sites\\\/3\\\/sites\\\/3\\\/2022\\\/08\\\/cropped-cropped-cropped-Riche-Fenix_Symbol_RGB_Black_Round-e1660316695957.png\",\"width\":512,\"height\":512,\"caption\":\"Riche Fenix\"},\"image\":{\"@id\":\"https:\\\/\\\/riche.se\\\/fenix\\\/#\\\/schema\\\/logo\\\/image\\\/\"}}]}<\/script>\n<!-- \/ Yoast SEO plugin. -->","yoast_head_json":{"title":"Brutwork at Fenix. During Stockholm Design Week 5-9 September - Riche Fenix","robots":{"index":"index","follow":"follow","max-snippet":"max-snippet:-1","max-image-preview":"max-image-preview:large","max-video-preview":"max-video-preview:-1"},"canonical":"https:\/\/riche.se\/fenix\/events\/brutwork-at-fenix-during-stockholm-design-week-5-9-september\/","og_locale":"sv_SE","og_type":"article","og_title":"Brutwork at Fenix. During Stockholm Design Week 5-9 September - Riche Fenix","og_description":"Brutwork \u00e4r m\u00f6bler som utg\u00e5r fr\u00e5n en annorlunda tanke. T\u00e4nk om man kunde \u00f6vers\u00e4tta hur man arbetar med typsnitt n\u00e4r man presenterar en text till m\u00f6bler i ett rum, att m\u00f6blerna kan anpassas i olika grader? P\u00e5 det s\u00e4ttet har Fredrik \u00d6stergren skapat en linje av m\u00f6bler som g\u00e5r fr\u00e5n tunnare och gracila m\u00f6bler, till tjockare och mer bylsiga pj\u00e4ser. Fredrik har kunnat skapa dessa ting utan att n\u00e5gonsin tulla p\u00e5 sk\u00f6nheten i objektet, snarare har han genom denna process kunnat skapa monumentala m\u00f6bler. L\u00e5ter det sp\u00e4nnande? Kom och titta och k\u00f6p m\u00f6blerna p\u00e5 Fenix under Stockholm Design Week 5-9 September. Fenix har premi\u00e4rvisning av Brutwork den 5e september mellan kl 17-20 och Fredrik \u00e4r p\u00e5 plats. Varmt V\u00e4lkomna!","og_url":"https:\/\/riche.se\/fenix\/events\/brutwork-at-fenix-during-stockholm-design-week-5-9-september\/","og_site_name":"Riche Fenix","og_image":[{"width":1404,"height":267,"url":"https:\/\/riche.se\/fenix\/wp-content\/uploads\/sites\/3\/sites\/3\/2023\/08\/fenix-brutworks.gif","type":"image\/gif"}],"twitter_card":"summary_large_image","twitter_misc":{"Ber\u00e4knad l\u00e4stid":"2 minuter"},"schema":{"@context":"https:\/\/schema.org","@graph":[{"@type":"WebPage","@id":"https:\/\/riche.se\/fenix\/events\/brutwork-at-fenix-during-stockholm-design-week-5-9-september\/","url":"https:\/\/riche.se\/fenix\/events\/brutwork-at-fenix-during-stockholm-design-week-5-9-september\/","name":"Brutwork at Fenix. During Stockholm Design Week 5-9 September - Riche Fenix","isPartOf":{"@id":"https:\/\/riche.se\/fenix\/#website"},"primaryImageOfPage":{"@id":"https:\/\/riche.se\/fenix\/events\/brutwork-at-fenix-during-stockholm-design-week-5-9-september\/#primaryimage"},"image":{"@id":"https:\/\/riche.se\/fenix\/events\/brutwork-at-fenix-during-stockholm-design-week-5-9-september\/#primaryimage"},"thumbnailUrl":"https:\/\/riche.se\/fenix\/wp-content\/uploads\/sites\/3\/sites\/3\/2023\/08\/fenix-brutworks.gif","datePublished":"2023-08-21T06:53:59+00:00","breadcrumb":{"@id":"https:\/\/riche.se\/fenix\/events\/brutwork-at-fenix-during-stockholm-design-week-5-9-september\/#breadcrumb"},"inLanguage":"sv-SE","potentialAction":[{"@type":"ReadAction","target":["https:\/\/riche.se\/fenix\/events\/brutwork-at-fenix-during-stockholm-design-week-5-9-september\/"]}]},{"@type":"ImageObject","inLanguage":"sv-SE","@id":"https:\/\/riche.se\/fenix\/events\/brutwork-at-fenix-during-stockholm-design-week-5-9-september\/#primaryimage","url":"https:\/\/riche.se\/fenix\/wp-content\/uploads\/sites\/3\/sites\/3\/2023\/08\/fenix-brutworks.gif","contentUrl":"https:\/\/riche.se\/fenix\/wp-content\/uploads\/sites\/3\/sites\/3\/2023\/08\/fenix-brutworks.gif","width":1404,"height":267},{"@type":"BreadcrumbList","@id":"https:\/\/riche.se\/fenix\/events\/brutwork-at-fenix-during-stockholm-design-week-5-9-september\/#breadcrumb","itemListElement":[{"@type":"ListItem","position":1,"name":"Home","item":"https:\/\/riche.se\/fenix\/"},{"@type":"ListItem","position":2,"name":"Brutwork at Fenix. During Stockholm Design Week 5-9 September"}]},{"@type":"WebSite","@id":"https:\/\/riche.se\/fenix\/#website","url":"https:\/\/riche.se\/fenix\/","name":"Riche Fenix","description":"","publisher":{"@id":"https:\/\/riche.se\/fenix\/#organization"},"potentialAction":[{"@type":"SearchAction","target":{"@type":"EntryPoint","urlTemplate":"https:\/\/riche.se\/fenix\/?s={search_term_string}"},"query-input":{"@type":"PropertyValueSpecification","valueRequired":true,"valueName":"search_term_string"}}],"inLanguage":"sv-SE"},{"@type":"Organization","@id":"https:\/\/riche.se\/fenix\/#organization","name":"Riche Fenix","url":"https:\/\/riche.se\/fenix\/","logo":{"@type":"ImageObject","inLanguage":"sv-SE","@id":"https:\/\/riche.se\/fenix\/#\/schema\/logo\/image\/","url":"https:\/\/riche.se\/fenix\/wp-content\/uploads\/sites\/3\/sites\/3\/2022\/08\/cropped-cropped-cropped-Riche-Fenix_Symbol_RGB_Black_Round-e1660316695957.png","contentUrl":"https:\/\/riche.se\/fenix\/wp-content\/uploads\/sites\/3\/sites\/3\/2022\/08\/cropped-cropped-cropped-Riche-Fenix_Symbol_RGB_Black_Round-e1660316695957.png","width":512,"height":512,"caption":"Riche Fenix"},"image":{"@id":"https:\/\/riche.se\/fenix\/#\/schema\/logo\/image\/"}}]}},"_links":{"self":[{"href":"https:\/\/riche.se\/fenix\/wp-json\/wp\/v2\/events\/13793","targetHints":{"allow":["GET"]}}],"collection":[{"href":"https:\/\/riche.se\/fenix\/wp-json\/wp\/v2\/events"}],"about":[{"href":"https:\/\/riche.se\/fenix\/wp-json\/wp\/v2\/types\/events"}],"wp:featuredmedia":[{"embeddable":true,"href":"https:\/\/riche.se\/fenix\/wp-json\/wp\/v2\/media\/13795"}],"wp:attachment":[{"href":"https:\/\/riche.se\/fenix\/wp-json\/wp\/v2\/media?parent=13793"}],"curies":[{"name":"wp","href":"https:\/\/api.w.org\/{rel}","templated":true}]}}